{"id":445,"date":"2018-08-13T03:21:13","date_gmt":"2018-08-13T03:21:13","guid":{"rendered":"https:\/\/handsandthecity.cl\/ha\/?page_id=445"},"modified":"2019-03-03T18:38:20","modified_gmt":"2019-03-03T18:38:20","slug":"pestanas-y-cejas-siempre-a-la-vanguardia","status":"publish","type":"page","link":"https:\/\/handsandthecity.cl\/ha\/pestanas-y-cejas-siempre-a-la-vanguardia\/","title":{"rendered":"Pesta\u00f1as y cejas \/ Siempre a la vanguardia"},"content":{"rendered":"<p>[et_pb_section admin_label=\u00bbT\u00edtulo (no editar)\u00bb global_module=\u00bb259&#8243; fullwidth=\u00bbon\u00bb specialty=\u00bboff\u00bb inner_shadow=\u00bboff\u00bb parallax=\u00bboff\u00bb background_color=\u00bb#383838&#8243; transparent_background=\u00bboff\u00bb allow_player_pause=\u00bboff\u00bb parallax_method=\u00bboff\u00bb padding_mobile=\u00bboff\u00bb make_fullwidth=\u00bboff\u00bb use_custom_width=\u00bboff\u00bb width_unit=\u00bbon\u00bb make_equal=\u00bboff\u00bb use_custom_gutter=\u00bboff\u00bb background_image=\u00bbhttps:\/\/handsandthecity.cl\/ha\/wp-content\/uploads\/2018\/08\/up2.jpg\u00bb custom_padding=\u00bb15px|||\u00bb][et_pb_fullwidth_post_title global_parent=\u00bb259&#8243; admin_label=\u00bbT\u00edtulo de publicaci\u00f3n de anchura completa\u00bb title=\u00bbon\u00bb meta=\u00bboff\u00bb author=\u00bboff\u00bb date=\u00bboff\u00bb categories=\u00bboff\u00bb comments=\u00bboff\u00bb featured_image=\u00bbon\u00bb featured_placement=\u00bbbelow\u00bb parallax_effect=\u00bbon\u00bb parallax_method=\u00bbon\u00bb text_orientation=\u00bbleft\u00bb text_color=\u00bblight\u00bb text_background=\u00bboff\u00bb text_bg_color=\u00bbrgba(255,255,255,0.9)\u00bb module_bg_color=\u00bbrgba(255,255,255,0)\u00bb title_all_caps=\u00bboff\u00bb use_border_color=\u00bboff\u00bb border_color=\u00bb#ffffff\u00bb border_style=\u00bbsolid\u00bb custom_padding=\u00bb10px||13px|\u00bb title_font_size=\u00bb22px\u00bb title_font=\u00bb||on||\u00bb title_text_color=\u00bb#ffffff\u00bb] [\/et_pb_fullwidth_post_title][\/et_pb_section][et_pb_section admin_label=\u00bbsection\u00bb transparent_background=\u00bboff\u00bb allow_player_pause=\u00bboff\u00bb inner_shadow=\u00bboff\u00bb parallax=\u00bboff\u00bb parallax_method=\u00bboff\u00bb custom_padding=\u00bb20px|||\u00bb padding_mobile=\u00bboff\u00bb make_fullwidth=\u00bboff\u00bb use_custom_width=\u00bboff\u00bb width_unit=\u00bbon\u00bb make_equal=\u00bboff\u00bb use_custom_gutter=\u00bboff\u00bb][et_pb_row admin_label=\u00bbrow\u00bb make_fullwidth=\u00bboff\u00bb use_custom_width=\u00bboff\u00bb width_unit=\u00bbon\u00bb use_custom_gutter=\u00bboff\u00bb padding_mobile=\u00bboff\u00bb allow_player_pause=\u00bboff\u00bb parallax=\u00bboff\u00bb parallax_method=\u00bboff\u00bb make_equal=\u00bboff\u00bb parallax_1=\u00bboff\u00bb parallax_method_1=\u00bboff\u00bb parallax_2=\u00bboff\u00bb parallax_method_2=\u00bboff\u00bb column_padding_mobile=\u00bbon\u00bb][et_pb_column type=\u00bb1_2&#8243;][et_pb_gallery admin_label=\u00bbGaler\u00eda\u00bb gallery_ids=\u00bb446,447&#8243; fullwidth=\u00bbon\u00bb show_title_and_caption=\u00bbon\u00bb show_pagination=\u00bbon\u00bb background_layout=\u00bblight\u00bb auto=\u00bbon\u00bb hover_overlay_color=\u00bbrgba(255,255,255,0.9)\u00bb caption_all_caps=\u00bboff\u00bb use_border_color=\u00bboff\u00bb border_color=\u00bb#ffffff\u00bb border_style=\u00bbsolid\u00bb auto_speed=\u00bb3000&#8243;] [\/et_pb_gallery][et_pb_text admin_label=\u00bbTexto\u00bb background_layout=\u00bblight\u00bb text_orientation=\u00bbleft\u00bb use_border_color=\u00bboff\u00bb border_color=\u00bb#ffffff\u00bb border_style=\u00bbsolid\u00bb]<\/p>\n<p><strong>En pesta\u00f1as y cejas<\/strong> te ofrecemos un servicio a la <strong>vanguardia<\/strong>. Se trata de un tratamiento de gran efectividad que permite cambiar la expresi\u00f3n de la mirada. <strong>Ven a Visitarnos.<\/strong><\/p>\n<p><span style=\"color: #333333;\"><strong>\u00a0<\/strong><\/span><\/p>\n<p>[\/et_pb_text][et_pb_button admin_label=\u00bbBot\u00f3n\u00bb button_url=\u00bbhttps:\/\/handsandthecity.agendapro.com\/cl\/workflow?local=2379&#8243; url_new_window=\u00bboff\u00bb button_text=\u00bbAgenda tu hora aqu\u00ed\u00bb button_alignment=\u00bbleft\u00bb background_layout=\u00bblight\u00bb custom_button=\u00bbon\u00bb button_text_color=\u00bb#ffffff\u00bb button_bg_color=\u00bb#e6007e\u00bb button_border_color=\u00bb#e6007e\u00bb button_letter_spacing=\u00bb0&#8243; button_use_icon=\u00bbdefault\u00bb button_icon=\u00bb%%373%%\u00bb button_icon_placement=\u00bbright\u00bb button_on_hover=\u00bboff\u00bb button_letter_spacing_hover=\u00bb0&#8243; button_font=\u00bb||on||\u00bb] [\/et_pb_button][\/et_pb_column][et_pb_column type=\u00bb1_2&#8243;][et_pb_accordion admin_label=\u00bbAcorde\u00f3n\u00bb use_border_color=\u00bboff\u00bb border_color=\u00bb#ffffff\u00bb border_style=\u00bbsolid\u00bb] [et_pb_accordion_item title=\u00bbOndulacion Pesta\u00f1as\u00bb]<\/p>\n<ul>\n<li><strong>Incluye<\/strong> Ondulaci\u00f3n de Pesta\u00f1as + Tinte<\/li>\n<\/ul>\n<p>[\/et_pb_accordion_item][et_pb_accordion_item title=\u00bbLifting Pesta\u00f1as\u00bb]<\/p>\n<ul>\n<li><strong>Incluye<\/strong> Lifting de Pesta\u00f1as + Tinte<\/li>\n<\/ul>\n<p>[\/et_pb_accordion_item][et_pb_accordion_item title=\u00bbPerfilacion \u00ab]<\/p>\n<ul>\n<li><strong>Incluye:<\/strong> Perfilaci\u00f3n con cera y pinza Hands<\/li>\n<\/ul>\n<p>[\/et_pb_accordion_item][et_pb_accordion_item title=\u00bbTinte Pesta\u00f1as o Cejas\u00bb]<\/p>\n<ul>\n<li><strong>Selecciona<\/strong> tu Tiente de pesta\u00f1as o cejas<\/li>\n<\/ul>\n<p>[\/et_pb_accordion_item][et_pb_accordion_item title=\u00bbExtesion Pesta\u00f1as completa\u00bb]<\/p>\n<ul>\n<li><strong>Servicio Hands de Extensi\u00f3n<\/strong> completas de tus pesta\u00f1as<\/li>\n<\/ul>\n<p>[\/et_pb_accordion_item][et_pb_accordion_item title=\u00bbRelleno Extension\u00bb]<\/p>\n<ul>\n<li><strong>Servicio de Relleno<\/strong> de extensi\u00f3n de pesta\u00f1as<\/li>\n<\/ul>\n<p>[\/et_pb_accordion_item] [\/et_pb_accordion][\/et_pb_column][\/et_pb_row][\/et_pb_section][et_pb_section admin_label=\u00bbSecci\u00f3n\u00bb global_module=\u00bb666&#8243; fullwidth=\u00bboff\u00bb specialty=\u00bboff\u00bb transparent_background=\u00bboff\u00bb background_color=\u00bb#353535&#8243; allow_player_pause=\u00bboff\u00bb inner_shadow=\u00bboff\u00bb parallax=\u00bboff\u00bb parallax_method=\u00bboff\u00bb padding_mobile=\u00bboff\u00bb make_fullwidth=\u00bboff\u00bb use_custom_width=\u00bboff\u00bb width_unit=\u00bbon\u00bb make_equal=\u00bboff\u00bb use_custom_gutter=\u00bboff\u00bb custom_padding=\u00bb3px||3px|\u00bb][et_pb_row global_parent=\u00bb666&#8243; admin_label=\u00bbFila\u00bb make_fullwidth=\u00bboff\u00bb use_custom_width=\u00bboff\u00bb width_unit=\u00bbon\u00bb use_custom_gutter=\u00bboff\u00bb padding_mobile=\u00bboff\u00bb custom_margin=\u00bb3px||3px|\u00bb allow_player_pause=\u00bboff\u00bb parallax=\u00bboff\u00bb parallax_method=\u00bboff\u00bb make_equal=\u00bboff\u00bb parallax_1=\u00bboff\u00bb parallax_method_1=\u00bboff\u00bb padding_top_1=\u00bb3px\u00bb padding_bottom_1=\u00bb3px\u00bb parallax_2=\u00bboff\u00bb parallax_method_2=\u00bboff\u00bb padding_top_2=\u00bb3px\u00bb padding_bottom_2=\u00bb3px\u00bb parallax_3=\u00bboff\u00bb parallax_method_3=\u00bboff\u00bb padding_top_3=\u00bb3px\u00bb padding_bottom_3=\u00bb3px\u00bb column_padding_mobile=\u00bbon\u00bb][et_pb_column type=\u00bb1_3&#8243;][et_pb_blurb global_parent=\u00bb666&#8243; admin_label=\u00bbAnuncio\u00bb title=\u00bbAgenda tu hora aqu\u00ed\u00bb url=\u00bbhttps:\/\/handsandthecity.agendapro.com\/cl\/workflow?local=2379&#8243; url_new_window=\u00bboff\u00bb use_icon=\u00bbon\u00bb font_icon=\u00bb%%373%%\u00bb icon_color=\u00bb#e6007e\u00bb use_circle=\u00bboff\u00bb circle_color=\u00bb#7EBEC5&#8243; use_circle_border=\u00bboff\u00bb circle_border_color=\u00bb#7EBEC5&#8243; icon_placement=\u00bbleft\u00bb animation=\u00bbtop\u00bb background_layout=\u00bbdark\u00bb text_orientation=\u00bbleft\u00bb use_icon_font_size=\u00bboff\u00bb use_border_color=\u00bboff\u00bb border_color=\u00bb#ffffff\u00bb border_style=\u00bbsolid\u00bb header_font=\u00bb|on|on||\u00bb header_font_size=\u00bb22&#8243;] <strong>para el servicio<\/strong> que tu quieras [\/et_pb_blurb][\/et_pb_column][et_pb_column type=\u00bb1_3&#8243;][et_pb_blurb global_parent=\u00bb666&#8243; admin_label=\u00bbAnuncio\u00bb title=\u00bbLl\u00e0manos al\u00bb url_new_window=\u00bboff\u00bb use_icon=\u00bbon\u00bb font_icon=\u00bb%%104%%\u00bb icon_color=\u00bb#e6007e\u00bb use_circle=\u00bboff\u00bb circle_color=\u00bb#7EBEC5&#8243; use_circle_border=\u00bboff\u00bb circle_border_color=\u00bb#7EBEC5&#8243; icon_placement=\u00bbleft\u00bb animation=\u00bbtop\u00bb background_layout=\u00bbdark\u00bb text_orientation=\u00bbleft\u00bb use_icon_font_size=\u00bboff\u00bb use_border_color=\u00bboff\u00bb border_color=\u00bb#ffffff\u00bb border_style=\u00bbsolid\u00bb header_font=\u00bb|on|on||\u00bb header_font_size=\u00bb22&#8243; url=\u00bbtel:+56228944220&#8243;]<\/p>\n<p><strong>+562<\/strong> 279241 64 \/ <strong>+562<\/strong> 289442 20<\/p>\n<p>[\/et_pb_blurb][\/et_pb_column][et_pb_column type=\u00bb1_3&#8243;][et_pb_blurb global_parent=\u00bb666&#8243; admin_label=\u00bbAnuncio\u00bb title=\u00bbVis\u00edtanos en\u00bb url_new_window=\u00bboff\u00bb use_icon=\u00bbon\u00bb font_icon=\u00bb%%249%%\u00bb icon_color=\u00bb#e6007e\u00bb use_circle=\u00bboff\u00bb circle_color=\u00bb#7EBEC5&#8243; use_circle_border=\u00bboff\u00bb circle_border_color=\u00bb#7EBEC5&#8243; icon_placement=\u00bbleft\u00bb animation=\u00bbtop\u00bb background_layout=\u00bbdark\u00bb text_orientation=\u00bbleft\u00bb use_icon_font_size=\u00bboff\u00bb use_border_color=\u00bboff\u00bb border_color=\u00bb#ffffff\u00bb border_style=\u00bbsolid\u00bb header_font=\u00bb|on|on||\u00bb header_font_size=\u00bb22&#8243;]<\/p>\n<p><strong>Las Tranqueras<\/strong> 1535 C, Vitacura.<\/p>\n<p>[\/et_pb_blurb][\/et_pb_column][\/et_pb_row][\/et_pb_section]<\/p>\n","protected":false},"excerpt":{"rendered":"<p>En pesta\u00f1as y cejas te ofrecemos un servicio a la vanguardia. Se trata de un tratamiento de gran efectividad que permite cambiar la expresi\u00f3n de la mirada. Ven a Visitarnos. \u00a0 Incluye Ondulaci\u00f3n de Pesta\u00f1as + Tinte Incluye Lifting de Pesta\u00f1as + Tinte Incluye: Perfilaci\u00f3n con cera y pinza Hands Selecciona tu Tiente de pesta\u00f1as [&hellip;]<\/p>\n","protected":false},"author":1,"featured_media":0,"parent":0,"menu_order":0,"comment_status":"closed","ping_status":"closed","template":"","meta":{"_et_pb_use_builder":"on","_et_pb_old_content":"","_et_gb_content_width":"","footnotes":""},"class_list":["post-445","page","type-page","status-publish","hentry"],"_links":{"self":[{"href":"https:\/\/handsandthecity.cl\/ha\/wp-json\/wp\/v2\/pages\/445","targetHints":{"allow":["GET"]}}],"collection":[{"href":"https:\/\/handsandthecity.cl\/ha\/wp-json\/wp\/v2\/pages"}],"about":[{"href":"https:\/\/handsandthecity.cl\/ha\/wp-json\/wp\/v2\/types\/page"}],"author":[{"embeddable":true,"href":"https:\/\/handsandthecity.cl\/ha\/wp-json\/wp\/v2\/users\/1"}],"replies":[{"embeddable":true,"href":"https:\/\/handsandthecity.cl\/ha\/wp-json\/wp\/v2\/comments?post=445"}],"version-history":[{"count":7,"href":"https:\/\/handsandthecity.cl\/ha\/wp-json\/wp\/v2\/pages\/445\/revisions"}],"predecessor-version":[{"id":821,"href":"https:\/\/handsandthecity.cl\/ha\/wp-json\/wp\/v2\/pages\/445\/revisions\/821"}],"wp:attachment":[{"href":"https:\/\/handsandthecity.cl\/ha\/wp-json\/wp\/v2\/media?parent=445"}],"curies":[{"name":"wp","href":"https:\/\/api.w.org\/{rel}","templated":true}]}}